{"id":2,"date":"2024-02-26T10:36:00","date_gmt":"2024-02-26T09:36:00","guid":{"rendered":"http:\/\/www.universitadegliorefici.it\/?page_id=2"},"modified":"2024-04-09T11:19:12","modified_gmt":"2024-04-09T09:19:12","slug":"la-chiesa","status":"publish","type":"page","link":"https:\/\/www.universitadegliorefici.it\/es\/la-chiesa\/","title":{"rendered":"La Iglesia"},"content":{"rendered":"<div data-elementor-type=\"wp-page\" data-elementor-id=\"2\" class=\"elementor elementor-2\">\n\t\t\t\t<div class=\"elementor-element elementor-element-679960f8 e-flex e-con-boxed e-con e-parent\" data-id=\"679960f8\" data-element_type=\"container\" data-settings=\"{&quot;background_background&quot;:&quot;classic&quot;,&quot;content_width&quot;:&quot;boxed&quot;}\" data-core-v316-plus=\"true\">\n\t\t\t\t\t<div class=\"e-con-inner\">\n\t\t<div class=\"elementor-element elementor-element-b06b31c e-con-full e-flex e-con e-child\" data-id=\"b06b31c\" data-element_type=\"container\" data-settings=\"{&quot;content_width&quot;:&quot;full&quot;}\">\n\t\t\t\t<div class=\"elementor-element elementor-element-f5d40ac elementor-widget elementor-widget-heading\" data-id=\"f5d40ac\" data-element_type=\"widget\" data-widget_type=\"heading.default\">\n\t\t\t\t<div class=\"elementor-widget-container\">\n\t\t\t<style>\/*! elementor - v3.19.0 - 28-02-2024 *\/\n.elementor-heading-title{padding:0;margin:0;line-height:1}.elementor-widget-heading .elementor-heading-title[class*=elementor-size-]>a{color:inherit;font-size:inherit;line-height:inherit}.elementor-widget-heading .elementor-heading-title.elementor-size-small{font-size:15px}.elementor-widget-heading .elementor-heading-title.elementor-size-medium{font-size:19px}.elementor-widget-heading .elementor-heading-title.elementor-size-large{font-size:29px}.elementor-widget-heading .elementor-heading-title.elementor-size-xl{font-size:39px}.elementor-widget-heading .elementor-heading-title.elementor-size-xxl{font-size:59px}<\/style><h1 class=\"elementor-heading-title elementor-size-default\">La Iglesia<\/h1>\t\t<\/div>\n\t\t\t\t<\/div>\n\t\t\t\t<\/div>\n\t\t\t\t\t<\/div>\n\t\t\t\t<\/div>\n\t\t<div class=\"elementor-element elementor-element-2f1b5e7 e-flex e-con-boxed e-con e-parent\" data-id=\"2f1b5e7\" data-element_type=\"container\" data-settings=\"{&quot;background_background&quot;:&quot;classic&quot;,&quot;content_width&quot;:&quot;boxed&quot;}\" data-core-v316-plus=\"true\">\n\t\t\t\t\t<div class=\"e-con-inner\">\n\t\t<div class=\"elementor-element elementor-element-5463514e e-con-full e-flex e-con e-child\" data-id=\"5463514e\" data-element_type=\"container\" data-settings=\"{&quot;content_width&quot;:&quot;full&quot;}\">\n\t\t\t\t<div class=\"elementor-element elementor-element-e936843 elementor-widget elementor-widget-text-editor\" data-id=\"e936843\" data-element_type=\"widget\" data-widget_type=\"text-editor.default\">\n\t\t\t\t<div class=\"elementor-widget-container\">\n\t\t\t<style>\/*! elementor - v3.19.0 - 28-02-2024 *\/\n.elementor-widget-text-editor.elementor-drop-cap-view-stacked .elementor-drop-cap{background-color:#69727d;color:#fff}.elementor-widget-text-editor.elementor-drop-cap-view-framed .elementor-drop-cap{color:#69727d;border:3px solid;background-color:transparent}.elementor-widget-text-editor:not(.elementor-drop-cap-view-default) .elementor-drop-cap{margin-top:8px}.elementor-widget-text-editor:not(.elementor-drop-cap-view-default) .elementor-drop-cap-letter{width:1em;height:1em}.elementor-widget-text-editor .elementor-drop-cap{float:left;text-align:center;line-height:1;font-size:50px}.elementor-widget-text-editor .elementor-drop-cap-letter{display:inline-block}<\/style>\t\t\t\t<p>El barrio entorno a la v\u00eda Giulia es un conjunto de monumentos y obras de arte. Cerca al centro y hacia la mitad de esta calle empieza la v\u00eda di San Eligio al final de la cual, como una joya aut\u00e9ntica, se encuentra una obra de arte renacentista, la Iglesia de los Orfebres. Esta, seg\u00fan revelan las gu\u00edas de Roma desde hace el siglo XVIII, se atribuye a Bramante. <br \/>Entre 1883 y 1884 el Gejmuller y el Mu\u00f1oz conjeturaron por primera vez que el proyecto original de la iglesia era de Rafael, subrayando que exist\u00eda, sin dudas, una influencia muy fuerte de Bramante. Su opini\u00f3n estaba basada en el dise\u00f1o de Sallustio Perruzzi que presenta secci\u00f3n, prospecto y los detalles de la iglesia de San Eligio, con una nota que atribuye la obra al propio Rafael (Galer\u00eda degli Uffizi, Florencia, Cuarto de dise\u00f1os e impresos, Gabinete de Dibujos y Estampas, n.635 Ar+V).<\/p><p>En los documentos relacionados a la construcci\u00f3n de la iglesia, y conservados en el Archivo de San Eligio se dice que en junio de 1509 el Pont\u00edfice Julio II autoriz\u00f3 a la Universidad de los Orfebres a elegir, cerca de la v\u00eda Giulia, un lugar id\u00f3neo para edificar una iglesia.<\/p><p>El 6 de diciembre de 1514 la Magistratura delle Strade[6], en previsi\u00f3n de que se rectificara la calle entre v\u00eda Giulia y el r\u00edo T\u00edber, expropi\u00f3 el solar donde surg\u00eda la iglesia de San Eusterio, que luego fue demolida.\nEn recompensa, los orfebres recibieron un terreno que daba a la nueva calle de S.Eligio y el permiso para construir la nueva iglesia. El primer documento que atestigua la construcci\u00f3n tiene como fecha el 11 de noviembre de 1516 en favor del alba\u00f1il Sebasti\u00e1n de Como.<\/p><p>En 1522 se complet\u00f3 el edificio, excepto la c\u00fapula, como certifican los documentos que demuestran la primera reuni\u00f3n en su interior.<\/p><p>La construcci\u00f3n de la c\u00fapula se inici\u00f3 en 1526, como da fe un acta notarial del mismo a\u00f1o (y que tambi\u00e9n se conserva en el Archivo Hist\u00f3rico) con la que Jacopo di Verolo da Caravaggio se compromete a construir dicha c\u00fapula a cambio de 100 ducados.<\/p><p>Entre 1532 y 1542, Antonio La Torre construy\u00f3 la fachada, la b\u00f3veda central y la tribuna, mientras que Giovanni de Sant\u00e1gata construy\u00f3 la linterna y la archivolta con modillones de toba de la c\u00fapula.<\/p><p>El 28 de agosto de 1551, Francisco \u201cel picapedrero\u201d complet\u00f3 el portal de la entrada en travertino por \u201c5 escudos\u201d. Debido a los aluviones e inestabilidades, en la segunda mitad del siglo XVI la iglesia fue reforzada varias veces, hasta que, el 13 de febrero de 1601, un colapso estructural caus\u00f3 un desplome parcial del altar de los Reyes Magos (sudoeste) construido por Federico Zuccari en 1575 y restaurado por \u00e9l mismo en 1594.<\/p><p>Por los documentos conservados en el Archivo sabemos que se le solicit\u00f3 al arquitecto Flaminio Ponzio de Mil\u00e1n, mediante pago, una consulta para la restauraci\u00f3n de la iglesia. El mismo que construy\u00f3 la iglesia de Santa Maria di Grottapinta en 1598 (id\u00e9ntica a la de San Eligio) en la plaza hom\u00f3nima. Se piensa, por lo tanto, que el mismo Ponzio dise\u00f1\u00f3 tambi\u00e9n la fachada de la iglesia de los orfebres. Esta fue realizada entre 1620 y 1621 y a esa misma \u00e9poca se remonta la inscripci\u00f3n latina puesta en el arquitrabe: \u201cEl gremio de los orfebres construy\u00f3 una igl<\/p><p><img fetchpriority=\"high\" decoding=\"async\" class=\"alignright\" src=\"http:\/\/universitadegliorefici.it\/images\/01.png\" alt=\"Chiesa di Sant\u2019Eligio navata centrale, capolavoro di Raffaello da Urbino. Inizio XVI secolo \" width=\"260\" height=\"388\" \/><\/p><p>esia en San Eligio y la adorn\u00f3 con pinturas, im\u00e1genes, puertas y m\u00e1rmoles y con muchos otros ornamentos\u201d. En la fachada se coloc\u00f3 la portada original en travertino de 1551, que se mantuvo intacta despu\u00e9s del derrumbe de 1601.<\/p><p>En el interior se mantiene casi intacto el car\u00e1cter del siglo XVI: planta con cruz griega y un \u00e1bside al final; la c\u00fapula se apoya en un tambor redondo que, a su vez, se apoya en cuatro pilastras centrales y que est\u00e1 por debajo de una linterna con ocho ventanas.<\/p><p>En el punto en que empiezan los arcos y los penachos del tambor se observa una moldura con filetes que por cierto no pertenece al estilo del siglo XVI, sino a la primera mitad del siglo XVII. En la moldura est\u00e1 grabada, con elaborados caracteres, la frase \u201cT\u00fa, o Dios, revelas estrellas y astros, nosotros edificamos templos\u201d.<\/p><p>En las b\u00f3vedas que se abren encima de dicha moldura se encuentran dos ventanas del llamado estilo \u201cpalladiano\u201d, es decir, con tres aberturas: la central con arco de medio punto y las laterales con platabandas.<\/p><p>El suelo originario en barro cocido afinado por debajo fue reemplazado en 1864 por uno de m\u00e1rmol blanco y brocatel, tra\u00eddo de la iglesia de San Paolo fuori le Mura, demolida despu\u00e9s del incendio de 1823.<\/p><p>Las decoraciones que hoy en d\u00eda adornan el interior de la iglesia son el resultado de varias modificaciones llevadas a cabo a lo largo del tiempo. Su fuerte deterioro ha sido causado por la constante presencia de humedad y ya ha requerido varias intervenciones de restauraci\u00f3n y remodelaci\u00f3n.<\/p><p>Los frescos m\u00e1s antiguos se encuentran en el \u00e1bside y pertenecen al a\u00f1o 1575.<\/p><p><img decoding=\"async\" class=\"alignleft\" src=\"http:\/\/universitadegliorefici.it\/images\/02.png\" width=\"260\" height=\"388\" \/><\/p><p>Al centro, por detr\u00e1s del altar mayor, se puede ver una pintura de Matteo de Lecce: la Virgen con Jes\u00fas entre los Santos Eligio Obispo, Esteban, Juan y Lorenzo. El artista es conocido por haber trabajado, entre otras cosas, en el oratorio de los Confalones entre 1575 y 1576.<\/p><p>En el encavo de la b\u00f3veda est\u00e1 representado Dios Padre que mantiene Cristo en la cruz; en las vigas, los Profetas; por arriba la Disputa de los Ap\u00f3stoles y en el intrad\u00f3s el Pentecost\u00e9s: se atribuyen todos estos frescos a Taddeo Zuccari y a otros representantes de la escuela de los hermanos Zuccari. Los frescos triangulares de la b\u00f3veda, son de autor desconocido, fueron pintados a finales del siglo XVI.<\/p><p>El fresco del altar de la izquierda representa la Adoraci\u00f3n de los Pastores y fue pintado por Giovanni de Vecchi di Borgo San Sepolcro (1536-1614). El fresco del altar de la derecha, da\u00f1ado en parte en el desplome de 1600, representa la Adoraci\u00f3n de los Reyes Magos y fue pintado en 1693 por Francesco Romanelli (1610-1662) encima del fresco de Federico Zuccari de 1575, de id\u00e9ntico tema.<\/p><p>El Romanelli pint\u00f3 tambi\u00e9n los frescos de los penachos de los altares laterales que representan las Sibilas y se encarg\u00f3 de restaurar todos los motivos decorativos de la iglesia.<\/p><p><img decoding=\"async\" class=\"alignright\" src=\"http:\/\/universitadegliorefici.it\/images\/03.png\" width=\"260\" height=\"388\" \/><\/p><p>Las piezas principales de \u00e9sta son los tres altares con sus decoraciones de m\u00e1rmol, cuya restauraci\u00f3n se encomend\u00f3 a Antonio Mu\u00f1oz en calidad de Inspector de la Real Superintendencia; el monumento funerario dedicado a Giovanni Giardini da Forl\u00ed, Acad\u00e9mico de San Luca y fundador de la C\u00e1mara Apost\u00f3lica, platero de los Palacios Apost\u00f3licos; y finalmente la l\u00e1pida puesta en 1730 que recuerda a Bernardino Passeri (1489-1527), romano, orfebre, joyero y fundador del Gremio, desaparecido a 37 a\u00f1os, el 6 de mayo de 1527, para defender la ciudad de Roma de los mercenarios en los d\u00edas tristes del Saqueo de Roma.<\/p><p>El 24 de mayo de 1926 se coloc\u00f3 en el interior de la iglesia, por encima de la puerta de entrada, una l\u00e1pida en memoria de los orfebres y plateros romanos fallecidos durante la I Guerra Mundial. M\u00e1s tarde fue trasladada la misma al jard\u00edn interno de la Congregaci\u00f3n.<\/p><p>Notable es el fresco puesto en la fachada exterior de la \u201cCasa del Cant\u00f3n\u201d. Se remonta al siglo XVIII y representa a San Eligio Obispo.<\/p><p>Las restauraciones se efectuaron en: 1928 y el 21 de abril del mismo a\u00f1o la iglesia fue consagrada otra vez al culto eucar\u00edstico; 1952-55. Como hab\u00eda peligro de un nuevo desplome, se restauraron los cimientos, las estructuras arquitect\u00f3nicas y las piezas art\u00edsticas; 1978. Se restauraron la c\u00fapula, los cimientos de la iglesia y parte de los cimientos del edificio de Rafael; 1997. Se restaur\u00f3 la fachada sacando a la luz pinturas de 1600 del siglo XVII;\nfinalmente 1999. Se restauraron las planchas de plomo de la c\u00fapula, se realiz\u00f3 el nuevo techo de la iglesia, de las fachadas laterales y se recuper\u00f3 completamente la \u201cCasa del Cant\u00f3n\u201d, junto a la misma iglesia.<\/p><p>La Superintendecia de los Bienes Ambientales y Arquitect\u00f3nicos de Lazio llev\u00f3 a cabo todas las restauraciones.<em><br \/><\/em><\/p>\t\t\t\t\t\t<\/div>\n\t\t\t\t<\/div>\n\t\t\t\t<div class=\"elementor-element elementor-element-0882719 elementor-widget-divider--view-line elementor-widget elementor-widget-divider\" data-id=\"0882719\" data-element_type=\"widget\" data-widget_type=\"divider.default\">\n\t\t\t\t<div class=\"elementor-widget-container\">\n\t\t\t<style>\/*! elementor - v3.19.0 - 28-02-2024 *\/\n.elementor-widget-divider{--divider-border-style:none;--divider-border-width:1px;--divider-color:#0c0d0e;--divider-icon-size:20px;--divider-element-spacing:10px;--divider-pattern-height:24px;--divider-pattern-size:20px;--divider-pattern-url:none;--divider-pattern-repeat:repeat-x}.elementor-widget-divider .elementor-divider{display:flex}.elementor-widget-divider .elementor-divider__text{font-size:15px;line-height:1;max-width:95%}.elementor-widget-divider .elementor-divider__element{margin:0 var(--divider-element-spacing);flex-shrink:0}.elementor-widget-divider .elementor-icon{font-size:var(--divider-icon-size)}.elementor-widget-divider .elementor-divider-separator{display:flex;margin:0;direction:ltr}.elementor-widget-divider--view-line_icon .elementor-divider-separator,.elementor-widget-divider--view-line_text .elementor-divider-separator{align-items:center}.elementor-widget-divider--view-line_icon .elementor-divider-separator:after,.elementor-widget-divider--view-line_icon .elementor-divider-separator:before,.elementor-widget-divider--view-line_text .elementor-divider-separator:after,.elementor-widget-divider--view-line_text .elementor-divider-separator:before{display:block;content:\"\";border-block-end:0;flex-grow:1;border-block-start:var(--divider-border-width) var(--divider-border-style) var(--divider-color)}.elementor-widget-divider--element-align-left .elementor-divider .elementor-divider-separator>.elementor-divider__svg:first-of-type{flex-grow:0;flex-shrink:100}.elementor-widget-divider--element-align-left .elementor-divider-separator:before{content:none}.elementor-widget-divider--element-align-left .elementor-divider__element{margin-left:0}.elementor-widget-divider--element-align-right .elementor-divider .elementor-divider-separator>.elementor-divider__svg:last-of-type{flex-grow:0;flex-shrink:100}.elementor-widget-divider--element-align-right .elementor-divider-separator:after{content:none}.elementor-widget-divider--element-align-right .elementor-divider__element{margin-right:0}.elementor-widget-divider--element-align-start .elementor-divider .elementor-divider-separator>.elementor-divider__svg:first-of-type{flex-grow:0;flex-shrink:100}.elementor-widget-divider--element-align-start .elementor-divider-separator:before{content:none}.elementor-widget-divider--element-align-start .elementor-divider__element{margin-inline-start:0}.elementor-widget-divider--element-align-end .elementor-divider .elementor-divider-separator>.elementor-divider__svg:last-of-type{flex-grow:0;flex-shrink:100}.elementor-widget-divider--element-align-end .elementor-divider-separator:after{content:none}.elementor-widget-divider--element-align-end .elementor-divider__element{margin-inline-end:0}.elementor-widget-divider:not(.elementor-widget-divider--view-line_text):not(.elementor-widget-divider--view-line_icon) .elementor-divider-separator{border-block-start:var(--divider-border-width) var(--divider-border-style) var(--divider-color)}.elementor-widget-divider--separator-type-pattern{--divider-border-style:none}.elementor-widget-divider--separator-type-pattern.elementor-widget-divider--view-line .elementor-divider-separator,.elementor-widget-divider--separator-type-pattern:not(.elementor-widget-divider--view-line) .elementor-divider-separator:after,.elementor-widget-divider--separator-type-pattern:not(.elementor-widget-divider--view-line) .elementor-divider-separator:before,.elementor-widget-divider--separator-type-pattern:not([class*=elementor-widget-divider--view]) .elementor-divider-separator{width:100%;min-height:var(--divider-pattern-height);-webkit-mask-size:var(--divider-pattern-size) 100%;mask-size:var(--divider-pattern-size) 100%;-webkit-mask-repeat:var(--divider-pattern-repeat);mask-repeat:var(--divider-pattern-repeat);background-color:var(--divider-color);-webkit-mask-image:var(--divider-pattern-url);mask-image:var(--divider-pattern-url)}.elementor-widget-divider--no-spacing{--divider-pattern-size:auto}.elementor-widget-divider--bg-round{--divider-pattern-repeat:round}.rtl .elementor-widget-divider .elementor-divider__text{direction:rtl}.e-con-inner>.elementor-widget-divider,.e-con>.elementor-widget-divider{width:var(--container-widget-width,100%);--flex-grow:var(--container-widget-flex-grow)}<\/style>\t\t<div class=\"elementor-divider\">\n\t\t\t<span class=\"elementor-divider-separator\">\n\t\t\t\t\t\t<\/span>\n\t\t<\/div>\n\t\t\t\t<\/div>\n\t\t\t\t<\/div>\n\t\t\t\t<div class=\"elementor-element elementor-element-3749617 elementor-widget elementor-widget-text-editor\" data-id=\"3749617\" data-element_type=\"widget\" data-widget_type=\"text-editor.default\">\n\t\t\t\t<div class=\"elementor-widget-container\">\n\t\t\t\t\t\t\t<p>\u00c8 possibile visitare la chiesa di Sant\u2019Eligio degli Orefici <br \/>sede dal 1509 dell\u2019Universit\u00e0 degli Orefici Argentieri dell\u2019Alma Citt\u00e0 di Roma.<br \/><br \/>Dal <strong>luned\u00ec<\/strong> al <strong>venerd\u00ec<\/strong>, <strong>dalle ore 10 alle ore 13<\/strong>, previa prenotazione allo 06.6868260.<\/p>\t\t\t\t\t\t<\/div>\n\t\t\t\t<\/div>\n\t\t\t\t<\/div>\n\t\t\t\t\t<\/div>\n\t\t\t\t<\/div>\n\t\t\t\t<\/div>","protected":false},"excerpt":{"rendered":"<p>La Chiesa Il quartiere intorno a Via Giulia \u00e8 tutto un insieme di monumenti e di ricordi d&#8217;arte, circa alla met\u00e0 di essa s\u2019apre la Via di S.Eligio in fondo alla quale, vera gemma, sorge il mirabile gioiello del Rinascimento, la Chiesa degli Orefici. Le guide di Roma, fin dal XVIII secolo, attribuivano al Bramante [&hellip;]<\/p>","protected":false},"author":1,"featured_media":0,"parent":0,"menu_order":0,"comment_status":"closed","ping_status":"open","template":"","meta":{"site-sidebar-layout":"default","site-content-layout":"","ast-site-content-layout":"full-width-container","site-content-style":"default","site-sidebar-style":"default","ast-global-header-display":"","ast-banner-title-visibility":"","ast-main-header-display":"","ast-hfb-above-header-display":"","ast-hfb-below-header-display":"","ast-hfb-mobile-header-display":"","site-post-title":"disabled","ast-breadcrumbs-content":"","ast-featured-img":"disabled","footer-sml-layout":"","theme-transparent-header-meta":"disabled","adv-header-id-meta":"","stick-header-meta":"","header-above-stick-meta":"","header-main-stick-meta":"","header-below-stick-meta":"","astra-migrate-meta-layouts":"set","ast-page-background-enabled":"default","ast-page-background-meta":{"desktop":{"background-color":"","background-image":"","background-repeat":"repeat","background-position":"center center","background-size":"auto","background-attachment":"scroll","background-type":"","background-media":"","overlay-type":"","overlay-color":"","overlay-gradient":""},"tablet":{"background-color":"","background-image":"","background-repeat":"repeat","background-position":"center center","background-size":"auto","background-attachment":"scroll","background-type":"","background-media":"","overlay-type":"","overlay-color":"","overlay-gradient":""},"mobile":{"background-color":"","background-image":"","background-repeat":"repeat","background-position":"center center","background-size":"auto","background-attachment":"scroll","background-type":"","background-media":"","overlay-type":"","overlay-color":"","overlay-gradient":""}},"ast-content-background-meta":{"desktop":{"background-color":"var(--ast-global-color-5)","background-image":"","background-repeat":"repeat","background-position":"center center","background-size":"auto","background-attachment":"scroll","background-type":"","background-media":"","overlay-type":"","overlay-color":"","overlay-gradient":""},"tablet":{"background-color":"var(--ast-global-color-5)","background-image":"","background-repeat":"repeat","background-position":"center center","background-size":"auto","background-attachment":"scroll","background-type":"","background-media":"","overlay-type":"","overlay-color":"","overlay-gradient":""},"mobile":{"background-color":"var(--ast-global-color-5)","background-image":"","background-repeat":"repeat","background-position":"center center","background-size":"auto","background-attachment":"scroll","background-type":"","background-media":"","overlay-type":"","overlay-color":"","overlay-gradient":""}},"ngg_post_thumbnail":0,"footnotes":""},"class_list":["post-2","page","type-page","status-publish","hentry"],"_links":{"self":[{"href":"https:\/\/www.universitadegliorefici.it\/es\/wp-json\/wp\/v2\/pages\/2","targetHints":{"allow":["GET"]}}],"collection":[{"href":"https:\/\/www.universitadegliorefici.it\/es\/wp-json\/wp\/v2\/pages"}],"about":[{"href":"https:\/\/www.universitadegliorefici.it\/es\/wp-json\/wp\/v2\/types\/page"}],"author":[{"embeddable":true,"href":"https:\/\/www.universitadegliorefici.it\/es\/wp-json\/wp\/v2\/users\/1"}],"replies":[{"embeddable":true,"href":"https:\/\/www.universitadegliorefici.it\/es\/wp-json\/wp\/v2\/comments?post=2"}],"version-history":[{"count":42,"href":"https:\/\/www.universitadegliorefici.it\/es\/wp-json\/wp\/v2\/pages\/2\/revisions"}],"predecessor-version":[{"id":1785,"href":"https:\/\/www.universitadegliorefici.it\/es\/wp-json\/wp\/v2\/pages\/2\/revisions\/1785"}],"wp:attachment":[{"href":"https:\/\/www.universitadegliorefici.it\/es\/wp-json\/wp\/v2\/media?parent=2"}],"curies":[{"name":"wp","href":"https:\/\/api.w.org\/{rel}","templated":true}]}}