{"id":581,"date":"2021-02-18T08:23:00","date_gmt":"2021-02-18T08:23:00","guid":{"rendered":"http:\/\/www.universitadegliorefici.it\/about\/"},"modified":"2024-03-05T09:53:37","modified_gmt":"2024-03-05T08:53:37","slug":"storia","status":"publish","type":"page","link":"https:\/\/www.universitadegliorefici.it\/es\/storia\/","title":{"rendered":"Storia"},"content":{"rendered":"<div data-elementor-type=\"wp-page\" data-elementor-id=\"581\" class=\"elementor elementor-581\">\n\t\t\t\t<div class=\"elementor-element elementor-element-4684df0 e-flex e-con-boxed e-con e-parent\" data-id=\"4684df0\" data-element_type=\"container\" data-settings=\"{&quot;background_background&quot;:&quot;classic&quot;,&quot;content_width&quot;:&quot;boxed&quot;}\" data-core-v316-plus=\"true\">\n\t\t\t\t\t<div class=\"e-con-inner\">\n\t\t<div class=\"elementor-element elementor-element-31bbd07 e-con-full e-flex e-con e-child\" data-id=\"31bbd07\" data-element_type=\"container\" data-settings=\"{&quot;content_width&quot;:&quot;full&quot;}\">\n\t\t\t\t<div class=\"elementor-element elementor-element-22d410a elementor-widget elementor-widget-heading\" data-id=\"22d410a\" data-element_type=\"widget\" data-widget_type=\"heading.default\">\n\t\t\t\t<div class=\"elementor-widget-container\">\n\t\t\t<style>\/*! elementor - v3.19.0 - 28-02-2024 *\/\n.elementor-heading-title{padding:0;margin:0;line-height:1}.elementor-widget-heading .elementor-heading-title[class*=elementor-size-]>a{color:inherit;font-size:inherit;line-height:inherit}.elementor-widget-heading .elementor-heading-title.elementor-size-small{font-size:15px}.elementor-widget-heading .elementor-heading-title.elementor-size-medium{font-size:19px}.elementor-widget-heading .elementor-heading-title.elementor-size-large{font-size:29px}.elementor-widget-heading .elementor-heading-title.elementor-size-xl{font-size:39px}.elementor-widget-heading .elementor-heading-title.elementor-size-xxl{font-size:59px}<\/style><h1 class=\"elementor-heading-title elementor-size-default\">La historia<\/h1>\t\t<\/div>\n\t\t\t\t<\/div>\n\t\t\t\t<\/div>\n\t\t\t\t\t<\/div>\n\t\t\t\t<\/div>\n\t\t<div class=\"elementor-element elementor-element-0a7ebfa e-flex e-con-boxed e-con e-parent\" data-id=\"0a7ebfa\" data-element_type=\"container\" data-settings=\"{&quot;background_background&quot;:&quot;classic&quot;,&quot;content_width&quot;:&quot;boxed&quot;}\" data-core-v316-plus=\"true\">\n\t\t\t\t\t<div class=\"e-con-inner\">\n\t\t<div class=\"elementor-element elementor-element-a4fcd6d e-con-full e-flex e-con e-child\" data-id=\"a4fcd6d\" data-element_type=\"container\" data-settings=\"{&quot;content_width&quot;:&quot;full&quot;}\">\n\t\t\t\t<div class=\"elementor-element elementor-element-607faee elementor-widget elementor-widget-text-editor\" data-id=\"607faee\" data-element_type=\"widget\" data-widget_type=\"text-editor.default\">\n\t\t\t\t<div class=\"elementor-widget-container\">\n\t\t\t<style>\/*! elementor - v3.19.0 - 28-02-2024 *\/\n.elementor-widget-text-editor.elementor-drop-cap-view-stacked .elementor-drop-cap{background-color:#69727d;color:#fff}.elementor-widget-text-editor.elementor-drop-cap-view-framed .elementor-drop-cap{color:#69727d;border:3px solid;background-color:transparent}.elementor-widget-text-editor:not(.elementor-drop-cap-view-default) .elementor-drop-cap{margin-top:8px}.elementor-widget-text-editor:not(.elementor-drop-cap-view-default) .elementor-drop-cap-letter{width:1em;height:1em}.elementor-widget-text-editor .elementor-drop-cap{float:left;text-align:center;line-height:1;font-size:50px}.elementor-widget-text-editor .elementor-drop-cap-letter{display:inline-block}<\/style>\t\t\t\t<p>En su Historia de Roma en la Edad Media, Gregorovius escribe: \u201cDesde hace mucho tiempo exist\u00eda en Roma, el gremio de orfebres unidos a las de talabarteros y herreros; se separaron de \u00e9stos en 1509 para construir, con el consenso de Julio II, la iglesia de San Eligio en la Via Giulia, cuyo proyecto se debe a Rafael\u201d.<br \/>Las pocas palabras de Gregorovius expresan claramente el honor, la historia y la cultura del \u201cNobil Collegio degli Orafi e Argentieri di Roma [1] \u201d y adem\u00e1s atestiguan el poder y el nivel profesional del que gozaban los orfebres romanos.<br \/>La profesionalidad, la cultura y \u2013 sobre todo \u2013 el amor por la profesi\u00f3n son caracter\u00edsticas a\u00fan vivas entre los miembros del Nobil Collegio que han contribuido a mantener en vigor el esp\u00edritu y las finalidades de la Congregaci\u00f3n.<\/p><p>La Universidad de Orfebres, Herreros y Talabarteros, o \u201cVI Gremio\u201d ten\u00eda como sede la iglesia de S. Salvatore alle Coppelle, edificada en 1196 bajo el pontificado de Celestino III. <br \/>S\u00f3lo m\u00e1s tarde, en 1404, las tres Artes se dividieron, generando las confraternidades aut\u00f3nomas respectivas, manteniendo la misma sede y como Santo Patr\u00f3n a San Eligio, Obispo de Noy\u00f3n..<br \/><br \/>Por un documento con fecha 5 de abril de 1430, encontrado por el Profesor Franco Lucio Schiavetto en los Archivos Secretos del Vaticano, sabemos que el Gremio de Orfebres ya exist\u00eda en el mismo a\u00f1o, pues a los C\u00f3nsules estaba encomendada la acu\u00f1aci\u00f3n de todas las monedas de la Casa Pontificia de la Moneda, ubicada junto a la iglesia de los Santos Ap\u00f3stoles.<br \/>A principios del siglo XVI, los orfebres formaban parte de las \u201cartes mechanichae\u201d, la casta m\u00e1s humilde de los oficios, pero quer\u00edan, sin embargo, establecer un gremio totalmente aut\u00f3nomo para ingresar en el olimpo de los artistas. <br \/><br \/>Cuarenta y dos orfebres, en parte de Roma y en parte de la Corte Pontificia, llevaron a cabo un esfuerzo pol\u00edtico, econ\u00f3mico y de organizaci\u00f3n para poner en marcha este proyecto. Seg\u00fan las actas del Archivo Hist\u00f3rico de San Eligio, se reunieron el 13 de Junio de 1508 en el oratorio de los Santos Pedro y Pablo para fundar la Universidad de los Orfebres. El 23 de junio siguiente se reunieron otra vez en congregaci\u00f3n plenaria en la iglesia de Santa Luc\u00eda para decidir y establecer las reglas de la Universidad a punto de crearse. En la misma reuni\u00f3n decidieron dejar de compartir la iglesia de S. Salvatore alle Coppelle con talabarteros y herreros y alquilar (o comprar) un terrreno cerca del r\u00edo T\u00edber, donde estaba la antigua iglesia de San Eusterio y all\u00ed construir una nueva iglesia para reunirse de manera permanente y aut\u00f3noma. El 25 de junio del mismo a\u00f1o los orfebres presentaron al Santo Padre el nuevo estatuto y una petici\u00f3n para construir la nueva iglesia. El acto de aprobaci\u00f3n se concedi\u00f3 el 12 de junio de 1509 por parte de Julio II de la Rovere con un \u201cBreve\u201d [2] con que dio su consentimiento, as\u00ed que \u201cli diletti figlioli dell\u2019Universit\u00e0 degli Orefici in Roma\u201d pudieran \u201ccostruire et edificare et di far fabbricare una chiesa, ovvero cappella, sotto detta invocazione di S.Eligio, in strada Giulia e in loco che per tale effetto si trovasse pi\u00f9 comodo\u201d. [3] <br \/><br \/>Despu\u00e9s de varias vicisitudes, se encomend\u00f3 el proyecto de la iglesia a Rafael Sanzio, en la que dej\u00f3 las huellas de su genio, creando una joya para la posteridad. <br \/>La Magistratura delle Strade il 6 Dicembre 1514, in previsione della rettifica delle strada che unisce Via Giulia al Tevere espropria gli orafi del terreno su cui si trova la Chiesa di S. Eusterio, che verr\u00e0 quindi demolita, in ricompensa gli orafi ottengono un\u2019area prospiciente la nuova strada. Dai documenti dell\u2019Archivio storico di S. Eligio risulta che l\u2019inizio dei lavori per la costruzione risale al 1516 e la prima riunione della Congregazione si tenne nel 1522 all\u2019interno dell\u2019edificio non ancora dotato della cupola. <br \/><br \/>El acto de fundaci\u00f3n de la Universidad y consagraci\u00f3n de la iglesia marcaron un punto de llegada y tambi\u00e9n de salida para los orfebres romanos, acentuando a\u00fan m\u00e1s la divisi\u00f2n entre ellos y las congregaciones de los metales bajos y tambi\u00e9n el comienzo de la calificaci\u00f3n art\u00edstica de su propia profesi\u00f3n. <br \/>A capo dell\u2019Universit\u00e0 degli Orefici venivano posti un Camerlego e tre Consoli, il cui compito primario era quello di controllare il mercato orafo; imperava, infatti, il divieto assoluto di esercitare l\u2019arte orafa od aprire una bottega senza l\u2019autorizzazione della Corporazione che, dopo un attento esame rilasciava una licenza denominata \u201cPatente\u201d. Quest\u2019ultima era emessa in duplice copia, una era consegnata al maestro e l\u2019altra depositata nell\u2019archivio della corporazione.<br \/><br \/>Le patenti ancora oggi sono conservate presso l\u2019Archivio storico dell&#8217;Universit\u00e0 degli Orafi, che, tra tutte pu\u00f2 vantare anche quelle dei maestri argentieri Valadier e Belli.<br \/><br \/>In questo contesto, intorno al quale gi\u00e0 orbitavano artisti come<strong> Raffaello<\/strong> e <strong>Bramante<\/strong> giunge giovanissimo a Roma nel 1519<strong> Benvenuto Cellini<\/strong> ed \u00e8 lavorante presso il Fiorenzuola ( maestro Giovanni de Giorgi ) Console dell\u2019Universit\u00e0. Nel 1520 il suo voler trasferirsi presso il maestro Paolo de Arsago, uno dei 42 fondatori del Universit\u00e0 provoca il risentimento del primo, la disputa viene appianata dal maestro Antonio di Paolo de\u2019 Fabbri da San Marino, da lui chiamato il Vecchione \u201cprimo piu\u2019 eccellente orefice di Roma\u201d che rappresenta inoltre il collegamento tra il Sodalizio e <strong>Raffaello<\/strong>. <br \/>Antonio da San Marino anche lui tra i soci fondatori lavora nel 1513 con l\u2019Urbinate nella Cappella Chigi in Santa Maria della Pace ed in Santa Maria del Popolo, garantisce il pagamento dell\u2019erigenda chiesa di S.Eligio, acquista nel 1518 per conto di Raffaello una vigna ed \u00e8 nominato nel testamento dell\u2019Urbinate. <br \/><br \/>E\u2019 in questo periodo che il Cellini come Lui stesso scrive nella sua biografia, oltre a lavorare nella bottega di Santi di Cola come maestro orafo, collabora con <strong>Michelangelo e Raffaello<\/strong> e Giulio Romano andando \u201c ..quando a disegnare in Cappella di Michelangelo, e quando alla casa di Agostino Chigi\u2026. di mano dello eccellentissimo Raffaello da Urbino..\u201d cio\u00e8 ai disegni per la Cappella Sistina e per la Farnesina.<br \/><br \/>Nel 1530 Cellini dopo aver presentato un saggio di lavoro e superato davanti ai Consoli un esame sulla conoscenza delle pietre preziose \u00e8 nominato maestro e apre una sua bottega ai \u201cBanchi\u201d come si evince consultando a pagina 4 il \u201cLibro delle entrate e delle uscite del Camerlengo 1530 \u2013 1546 \u201c volume che fa parte dell\u2019Archivio Storico dell\u2019Universit\u00e0 .<br \/>Quindi intorno all\u2019Universit\u00e0 degli Orefici crescono e sviluppano la propria arte i maggiori artisti del Rinascimento italiano quali <strong>Bramante, Cellini, Giulio Romano, Michelangelo e Raffaello<\/strong> che consegneranno al mondo il genio delle loro opere immortali.<br \/>La vicinanza tra Raffaello e l\u2019Universit\u00e0, cementata dall\u2019amicizia con Antonio da San Marino e dal progetto per la erigenda chiesa di Sant\u2019Eligio ha il suo naturale epilogo nel settembre del 1833 quando, dopo il ritrovamento nel Pantheon del sepolcro dell\u2019Urbinate , furono affidati ai Consoli dell\u2019Universit\u00e0 i frammenti della cassa di Raffaello che ancora oggi figurano tra i cimeli storici del nostro archivio. <br \/><br \/>El prestigio social y el poder econ\u00f3mico que la Universidad gan\u00f3 a lo largo del tiempo es m\u00e1s evidente por los privilegios de que gozaba la Congregaci\u00f3n, es decir el de participar en la prestigiosa procesi\u00f3n denominada \u201cde las Artes\u201d, celebrada cada 15 de agosto en honor del S. Salvador. Por decreto del Senado Romano en el siglo XVI, que establec\u00eda la orden de precedencia, se le concedi\u00f3 a los Aurifices un puesto de preeminencia. El poder legislativo de los gremios a lo largo del tiempo se evidencia en un documento guardado en el archivo y com\u00fanmente llamado \u201cBreve\u201d, con que el Papa Pablo V concedi\u00f3 el 21 de Octubre de 1611 la facultad de rescatar a un condenado de la pena capital en el d\u00eda de San Eligio, excepto los condenados por delitos de homicidio intencional, lesa majestad, sofisticaci\u00f3n, falsificaci\u00f3n y herejia.<br \/><br \/>S. Eligio (590 \u2013 665 d.C.) orefice, maestro di zecca, Vescovo di Noyon e consigliere dei sovrani merovingi, venne assunto a protettore degli orafi oltre che per la sua alta professionalit\u00e0 e onest\u00e0, per aver fondato alcuni conventi dove il lavoro manuale, e in particolare modo le tecniche legate all\u2019oreficeria e all\u2019argenteria, venivano studiate, applicate con maestria e diffuse nel mondo cattolico. <br \/>Dalla sua biografia sappiamo che dopo aver appreso la sua arte a Limoges, il pi\u00f9 importante centro d\u2019oreficeria della Francia sud-occidentale fin dall\u2019epoca dei romani, serv\u00ec la corte del re di Francia con tale onest\u00e0 e competenza da divenire, oltre l\u2019artiere prediletto, consigliere e ambasciatore di corte. Delle sue numerose opere, oggi rimane soltanto, oltre ad alcune monete, l\u2019importante frammento di una grande croce incastonata conservata nel Gabinet des M\u00e9dailles a Parigi. Pisanello a Treviso nella chiesa di Santa Caterina, ma maggiormente il dipinto del 1449 del fiammingo Petrus Christus \u201cS. Eligio orafo, visitato nella sua bottega da due fidanzati\u201d &#8211; New York coll. Lehmann \u2013 contribuirono a diffondere il culto del Santo. Grazie all\u2019intercessione dell\u2019ambasciatore di Francia presso la Santa Sede, il 22 giugno 1628 arriv\u00f2 a Roma, dopo anni di trattative tra il vescovo di Noyon, nella cui abbazia riposa tutt\u2019oggi il corpo, e il Nobil Collegio, una reliquia del Santo che venne deposta e tuttora amorevolmente conservata in un pregiatissimo busto-reliquario, di fattura barocca, realizzato dal maestro Giovanni Pallottola, in argento sbalzato e ritoccato al cesello. <br \/>Nel 1655 l\u2019Universit\u00e0 rinnovava i propri statuti (una copia si conserva nell\u2019Archivio Capitolino e un\u2019altra nell\u2019Archivio di Stato) e nel 1692 fu approvato lo statuto dell\u2019Universit\u00e0 dei giovani, a cui i maestri concessero in uso perpetuo l\u2019altare detto \u201cdel Presepe\u201d nel transetto sinistro della chiesa. <br \/>Con el consentimiento concedido por el Papa Clemente XII Corsini en 1738 (y publicado en 1740), el Collegio renov\u00f3 otra vez sus estatutos y el gremio tom\u00f3 el nuevo nombre de \u201cNobil Collegio degli Orefici e Argentieri di Roma\u201d. Adem\u00e1s de esto, en 1650, se a\u00f1adieron los plateros, que antes pertenec\u00edan a la Universidad del \u201cbatihoja\u201d (hay copias guardadas en la Biblioteca V. Emanuele, en la Angelica y en los Archivi Capitolini). <br \/><br \/>Desde el principio, el Collegio era una instituci\u00f3n de mutuos y de asistencia a las j\u00f3venes distribuyendo cada a\u00f1o, el d\u00eda 25 de junio, cierto n\u00famero de dotes. Por los archivos consta que en el a\u00f1o de la unificaci\u00f3n de Italia, es decir en 1870, la Universidad don\u00f3 a muchachas necesitadas cinco dotes de 25, 21 y 20 escudos y dos de 12,50 escudos. <br \/>A lo largo de la \u00e9poca napole\u00f3nica, el Nobil Collegio tuvo que someterse a las normas francesas pero sin sufrir la supresi\u00f3n llevada a cabo por el Pont\u00edfice P\u00edo VII Chiaramonti y que afectaron a los dem\u00e1s Gremios de Artes y Profesiones. En enero de 1820, logr\u00f3 por fin restablecer sus estatutos. <br \/>La \u00e9poca florida del Nobil Collegio se acab\u00f3 el 20 de septiembre de 1870, al aplicarse a la reci\u00e9n establecida naci\u00f3n el Statuto Albertino, que impon\u00eda el fin de los privilegios y prerrogativas y sobre todo la exclusi\u00f3n de las asociaciones art\u00edsticas y artesanales de las actividades p\u00fablicas. Desde el momento que se le prohib\u00eda llevar a cabo sus actividades, establecidas por su propio estatuto, los maestros romanos, reunidos en la Congregaci\u00f3n General del 9 de enero de 1873, decidieron convertirse en \u201cConsorzio degli Orefici e Argentieri Maestri d\u2019Arte di Roma\u201d y por Decreto Real del 19 de diciembre de 1875 se le concedi\u00f3 el rango de \u201cCuerpo Moral\u201d. <br \/><br \/>El Consorcio desempe\u00f1\u00f3 principalmente tareas asistenciales, proporcionando ayudas a socios enfermos e inv\u00e1lidos y administrando los legados para donar las dotes con regularidad, gozando de recursos financieros procedentes de las rentas de bienes ra\u00edces, muebles y sobre todo de las contribuciones voluntarias de los socios. <br \/>Adem\u00e1s junto al Consorzio funcionaba tambi\u00e9n la \u201cCaja de Asistencia\u201d, aunque diferente de la anterior. El papel social desempe\u00f1ado hasta aquel momento por el Gremio fue reemplazado paulatinamente por las instituciones estatales para la asistencia y la sanidad. <br \/><br \/>Por el contrario, el papel t\u00e9cnico del Consorzio en el sector artesano fue reemplazado por las instituciones locales encargadas del desarrollo econ\u00f3mico del Reino de Italia. <br \/>El Consorcio sigue siendo el guardi\u00e1n de las tradiciones, de los tesoros art\u00edsticos y del Archivo Hist\u00f3rico, el \u00fanico punto de referencia cultural para el desarrollo de la orfebrer\u00eda.<br \/>Con motivo de un Decreto del Presidente de la Rep\u00fablica, el 9 de octubre de 1971 el Consorzio se convierte en \u201cUniversit\u00e0 e Nobil Collegio degli Orefici e Argentieri dell\u2019Alma Citt\u00e0 di Roma\u201d y se encarga de manera definitiva en desarrollar su papel cultural, tal como se consolid\u00f3 atrav\u00e9s de los a\u00f1os. A partir de este momento, empez\u00f3 una vida cultural renovada. <br \/><br \/>L\u2019Universit\u00e0 ha da sempre conservato nel suo interno il proprio archivio che risulta essere uno dei pi\u00f9 interessanti del settore per la sua specificit\u00e0 e ampiezza, e per essere uscito incolume dai meandri della storia. Recentemente, verso la fine degli anni ottanta ha avuto inizio il riordino dell\u2019Archivio a cura della Soprintendenza degli Archivi Storici del Lazio, ed il suo trasferimento, dopo la fine dei restauri avvenuti nel 1993. nell\u2019attuale sede attigua alla chiesa, di propriet\u00e0 dell\u2019Universit\u00e0. <br \/>Dal 1990 il Collegio organizza manifestazioni artistiche e culturali come corsi, conferenze, concerti, mostre ed esposizioni aprendo il monumento ai romani e agli appassionati d\u2019arte. <br \/>Nel 1992 il Collegio si presenta ospite eccezionale insieme al museo Nazionale di Castel S\u2019Angelo della mostra \u201cI Tesori di S. Pietroburgo\u201d per la prima volta esposti in Italia. <br \/><br \/>Momenti particolarmente significativi per la vita del Nobil Collegio sono stati l\u2019istituzione, nel giorno commemorativo del Santo Patrono, del Premio annuale \u201cUniversit\u00e0 degli Orefici\u201d attribuito a eminenti personalit\u00e0 del mondo della cultura e dell\u2019arte e ad anni alterni dei Premi biennali \u201cArmando de Simoni\u201d per giovani apprendisti orafi e designers, \u201cGilberto Lefevre\u201d per giovani cesellatori, e del Premio \u201cEdelmiro Vespasiani Gentilucci\u201d per laureandi con tesi riguardanti il settore del mondo e dell\u2019arte orafa intitolati alla memoria di eminenti orafi soci dell\u2019Universit\u00e0. <br \/>La Chiesa di S. Eligio degli Orefici \u00e8 attorniata da cinquecentesche costruzioni, facenti parte della dotazione \u201cde\u2019beni della Chiesa\u201d, come risulta dalle iscrizioni affisse sugli stabili, tuttora amministrate dal Sodalizio e facenti parte del patrimonio immobiliare. <br \/><br \/>Los orfebres y plateros del \u201cNobil Collegio di Gioiellieri Orefici ed Argentieri dell\u2019Alma Citt\u00e0 di Roma\u201d, a lo largo de cuatro siglos han desempe\u00f1ado cargos importantes y desarrollado espec\u00edficas funciones: maestros, pesadores y controladores de calidad de la Casa Pontificia de la Moneda, pesadores y estimadores del Sagrado Monte de la Piedad, controladores de pesos y medidas con jurisdicci\u00f2n propia y con gran n\u00famero de exoneraciones, privilegios, derechos y honores, sin descuidar sus propias actividades artisticas. <br \/><br \/>El Collegio degli Orafi ed Argentieri antiguamente elabor\u00f3 un registro y a\u00fan ahora lo elabora por artistas famosos de reconocida capacidad y sensibilidad, que han contribuido y que mantienen alto el prestigio de la categor\u00eda.<\/p>\t\t\t\t\t\t<\/div>\n\t\t\t\t<\/div>\n\t\t\t\t<\/div>\n\t\t\t\t\t<\/div>\n\t\t\t\t<\/div>\n\t\t\t\t<\/div>","protected":false},"excerpt":{"rendered":"<p>La Storia Gregorovius, nella sua Storia di Roma nel Medioevo, cos\u00ec scrive: &#8220;Da lungo tempo esisteva a Roma la corporazione degli orefici, dapprima associati ai sellai e ai fabbri; separatisi da costoro nel 1509 si costruirono, col beneplacito di Giulio II, la chiesa di S. Eligio in Via Giulia, il cui progetto \u00e8 di Raffaello&#8221;.L\u2019onore, [&hellip;]<\/p>","protected":false},"author":1,"featured_media":0,"parent":0,"menu_order":0,"comment_status":"closed","ping_status":"closed","template":"","meta":{"site-sidebar-layout":"right-sidebar","site-content-layout":"page-builder","ast-site-content-layout":"default","site-content-style":"unboxed","site-sidebar-style":"default","ast-global-header-display":"","ast-banner-title-visibility":"","ast-main-header-display":"","ast-hfb-above-header-display":"","ast-hfb-below-header-display":"","ast-hfb-mobile-header-display":"","site-post-title":"disabled","ast-breadcrumbs-content":"","ast-featured-img":"disabled","footer-sml-layout":"","theme-transparent-header-meta":"disabled","adv-header-id-meta":"","stick-header-meta":"","header-above-stick-meta":"","header-main-stick-meta":"","header-below-stick-meta":"","astra-migrate-meta-layouts":"set","ast-page-background-enabled":"default","ast-page-background-meta":{"desktop":{"background-color":"","background-image":"","background-repeat":"repeat","background-position":"center center","background-size":"auto","background-attachment":"scroll","background-type":"","background-media":"","overlay-type":"","overlay-color":"","overlay-gradient":""},"tablet":{"background-color":"","background-image":"","background-repeat":"repeat","background-position":"center center","background-size":"auto","background-attachment":"scroll","background-type":"","background-media":"","overlay-type":"","overlay-color":"","overlay-gradient":""},"mobile":{"background-color":"","background-image":"","background-repeat":"repeat","background-position":"center center","background-size":"auto","background-attachment":"scroll","background-type":"","background-media":"","overlay-type":"","overlay-color":"","overlay-gradient":""}},"ast-content-background-meta":{"desktop":{"background-color":"var(--ast-global-color-5)","background-image":"","background-repeat":"repeat","background-position":"center center","background-size":"auto","background-attachment":"scroll","background-type":"","background-media":"","overlay-type":"","overlay-color":"","overlay-gradient":""},"tablet":{"background-color":"var(--ast-global-color-5)","background-image":"","background-repeat":"repeat","background-position":"center center","background-size":"auto","background-attachment":"scroll","background-type":"","background-media":"","overlay-type":"","overlay-color":"","overlay-gradient":""},"mobile":{"background-color":"var(--ast-global-color-5)","background-image":"","background-repeat":"repeat","background-position":"center center","background-size":"auto","background-attachment":"scroll","background-type":"","background-media":"","overlay-type":"","overlay-color":"","overlay-gradient":""}},"ngg_post_thumbnail":0,"footnotes":""},"class_list":["post-581","page","type-page","status-publish","hentry"],"_links":{"self":[{"href":"https:\/\/www.universitadegliorefici.it\/es\/wp-json\/wp\/v2\/pages\/581","targetHints":{"allow":["GET"]}}],"collection":[{"href":"https:\/\/www.universitadegliorefici.it\/es\/wp-json\/wp\/v2\/pages"}],"about":[{"href":"https:\/\/www.universitadegliorefici.it\/es\/wp-json\/wp\/v2\/types\/page"}],"author":[{"embeddable":true,"href":"https:\/\/www.universitadegliorefici.it\/es\/wp-json\/wp\/v2\/users\/1"}],"replies":[{"embeddable":true,"href":"https:\/\/www.universitadegliorefici.it\/es\/wp-json\/wp\/v2\/comments?post=581"}],"version-history":[{"count":20,"href":"https:\/\/www.universitadegliorefici.it\/es\/wp-json\/wp\/v2\/pages\/581\/revisions"}],"predecessor-version":[{"id":1391,"href":"https:\/\/www.universitadegliorefici.it\/es\/wp-json\/wp\/v2\/pages\/581\/revisions\/1391"}],"wp:attachment":[{"href":"https:\/\/www.universitadegliorefici.it\/es\/wp-json\/wp\/v2\/media?parent=581"}],"curies":[{"name":"wp","href":"https:\/\/api.w.org\/{rel}","templated":true}]}}