{"id":616,"date":"2021-02-17T14:16:32","date_gmt":"2021-02-17T14:16:32","guid":{"rendered":"http:\/\/www.universitadegliorefici.it\/home\/"},"modified":"2025-11-20T12:43:24","modified_gmt":"2025-11-20T11:43:24","slug":"home","status":"publish","type":"page","link":"https:\/\/www.universitadegliorefici.it\/es\/","title":{"rendered":"Home"},"content":{"rendered":"<div data-elementor-type=\"wp-page\" data-elementor-id=\"616\" class=\"elementor elementor-616\">\n\t\t\t\t<div class=\"elementor-element elementor-element-f92987a e-flex e-con-boxed e-con e-parent\" data-id=\"f92987a\" data-element_type=\"container\" data-settings=\"{&quot;background_background&quot;:&quot;classic&quot;,&quot;content_width&quot;:&quot;boxed&quot;}\" data-core-v316-plus=\"true\">\n\t\t\t\t\t<div class=\"e-con-inner\">\n\t\t<div class=\"elementor-element elementor-element-e5b3d9d e-con-full e-flex e-con e-child\" data-id=\"e5b3d9d\" data-element_type=\"container\" data-settings=\"{&quot;content_width&quot;:&quot;full&quot;}\">\n\t\t\t\t<div class=\"elementor-element elementor-element-419bbd0 elementor-widget__width-initial elementor-widget elementor-widget-heading\" data-id=\"419bbd0\" data-element_type=\"widget\" data-widget_type=\"heading.default\">\n\t\t\t\t<div class=\"elementor-widget-container\">\n\t\t\t<style>\/*! elementor - v3.19.0 - 28-02-2024 *\/\n.elementor-heading-title{padding:0;margin:0;line-height:1}.elementor-widget-heading .elementor-heading-title[class*=elementor-size-]>a{color:inherit;font-size:inherit;line-height:inherit}.elementor-widget-heading .elementor-heading-title.elementor-size-small{font-size:15px}.elementor-widget-heading .elementor-heading-title.elementor-size-medium{font-size:19px}.elementor-widget-heading .elementor-heading-title.elementor-size-large{font-size:29px}.elementor-widget-heading .elementor-heading-title.elementor-size-xl{font-size:39px}.elementor-widget-heading .elementor-heading-title.elementor-size-xxl{font-size:59px}<\/style><h1 class=\"elementor-heading-title elementor-size-default\">Universidad y Nobil Collegio of the \"Orefici Gioiellieri Argentieri dell'Alma Citt\u00e0 di Roma\"<\/h1>\t\t<\/div>\n\t\t\t\t<\/div>\n\t\t\t\t<div class=\"elementor-element elementor-element-ee08e31 elementor-widget elementor-widget-text-editor\" data-id=\"ee08e31\" data-element_type=\"widget\" data-widget_type=\"text-editor.default\">\n\t\t\t\t<div class=\"elementor-widget-container\">\n\t\t\t<style>\/*! elementor - v3.19.0 - 28-02-2024 *\/\n.elementor-widget-text-editor.elementor-drop-cap-view-stacked .elementor-drop-cap{background-color:#69727d;color:#fff}.elementor-widget-text-editor.elementor-drop-cap-view-framed .elementor-drop-cap{color:#69727d;border:3px solid;background-color:transparent}.elementor-widget-text-editor:not(.elementor-drop-cap-view-default) .elementor-drop-cap{margin-top:8px}.elementor-widget-text-editor:not(.elementor-drop-cap-view-default) .elementor-drop-cap-letter{width:1em;height:1em}.elementor-widget-text-editor .elementor-drop-cap{float:left;text-align:center;line-height:1;font-size:50px}.elementor-widget-text-editor .elementor-drop-cap-letter{display:inline-block}<\/style>\t\t\t\tGregorovius, en su libro \"Storia di Roma nel Medioevo\", escribe: \"El gremio de orfebres exist\u00eda en Roma desde hac\u00eda mucho tiempo, al principio estaba unido a guarnicioneros y herreros; el gremio se separ\u00f3 de ellos en 1509 y construy\u00f3, con el consentimiento del papa Giulio II, la iglesia de S.Eligio en Via Giulia, proyectada por Raffaello\".\n\t\t\t\t\t\t<\/div>\n\t\t\t\t<\/div>\n\t\t\t\t<div class=\"elementor-element elementor-element-a58ac41 elementor-widget elementor-widget-button\" data-id=\"a58ac41\" data-element_type=\"widget\" data-widget_type=\"button.default\">\n\t\t\t\t<div class=\"elementor-widget-container\">\n\t\t\t\t\t<div class=\"elementor-button-wrapper\">\n\t\t\t<a class=\"elementor-button elementor-button-link elementor-size-sm\" href=\"https:\/\/www.universitadegliorefici.it\/es\/storia\/\">\n\t\t\t\t\t\t<span class=\"elementor-button-content-wrapper\">\n\t\t\t\t\t\t<span class=\"elementor-button-icon elementor-align-icon-right\">\n\t\t\t\t\t\t\t<\/span>\n\t\t\t\t\t\t<span class=\"elementor-button-text\">Leggi tutto<\/span>\n\t\t<\/span>\n\t\t\t\t\t<\/a>\n\t\t<\/div>\n\t\t\t\t<\/div>\n\t\t\t\t<\/div>\n\t\t\t\t<\/div>\n\t\t<div class=\"elementor-element elementor-element-11756fc e-con-full e-flex e-con e-child\" data-id=\"11756fc\" data-element_type=\"container\" data-settings=\"{&quot;content_width&quot;:&quot;full&quot;}\">\n\t\t\t\t<div class=\"elementor-element elementor-element-ca2ace8 elementor-widget elementor-widget-image\" data-id=\"ca2ace8\" data-element_type=\"widget\" data-widget_type=\"image.default\">\n\t\t\t\t<div class=\"elementor-widget-container\">\n\t\t\t<style>\/*! elementor - v3.19.0 - 28-02-2024 *\/\n.elementor-widget-image{text-align:center}.elementor-widget-image a{display:inline-block}.elementor-widget-image a img[src$=\".svg\"]{width:48px}.elementor-widget-image img{vertical-align:middle;display:inline-block}<\/style>\t\t\t\t\t\t\t\t\t\t<img fetchpriority=\"high\" decoding=\"async\" width=\"1772\" height=\"1181\" src=\"https:\/\/www.universitadegliorefici.it\/wp-content\/uploads\/2024\/02\/chiesa.jpg\" class=\"attachment-full size-full wp-image-1126\" alt=\"\" srcset=\"https:\/\/www.universitadegliorefici.it\/wp-content\/uploads\/2024\/02\/chiesa.jpg 1772w, https:\/\/www.universitadegliorefici.it\/wp-content\/uploads\/2024\/02\/chiesa-300x200.jpg 300w, https:\/\/www.universitadegliorefici.it\/wp-content\/uploads\/2024\/02\/chiesa-1024x682.jpg 1024w, https:\/\/www.universitadegliorefici.it\/wp-content\/uploads\/2024\/02\/chiesa-768x512.jpg 768w, https:\/\/www.universitadegliorefici.it\/wp-content\/uploads\/2024\/02\/chiesa-1536x1024.jpg 1536w, https:\/\/www.universitadegliorefici.it\/wp-content\/uploads\/2024\/02\/chiesa-18x12.jpg 18w\" sizes=\"(max-width: 1772px) 100vw, 1772px\" \/>\t\t\t\t\t\t\t\t\t\t\t\t\t<\/div>\n\t\t\t\t<\/div>\n\t\t\t\t<\/div>\n\t\t\t\t\t<\/div>\n\t\t\t\t<\/div>\n\t\t<div class=\"elementor-element elementor-element-f4c3b4f e-flex e-con-boxed e-con e-parent\" data-id=\"f4c3b4f\" data-element_type=\"container\" data-settings=\"{&quot;background_background&quot;:&quot;classic&quot;,&quot;content_width&quot;:&quot;boxed&quot;}\" data-core-v316-plus=\"true\">\n\t\t\t\t\t<div class=\"e-con-inner\">\n\t\t\t\t<div class=\"elementor-element elementor-element-47bb239 elementor-widget elementor-widget-text-editor\" data-id=\"47bb239\" data-element_type=\"widget\" data-widget_type=\"text-editor.default\">\n\t\t\t\t<div class=\"elementor-widget-container\">\n\t\t\t\t\t\t\t<h3>Il Console Camerlengo Aldo Vitali<\/h3>\n\u00e8 lieto di invitare la S. V. alla Mostra\n<h4>Premio Armando De Simoni e Gilberto Lefevre\n2025<\/h4>\n<h5>Dal 20 al 26 Novembre dalle ore 10 alle ore 16<\/h5>\n(escluso domenica)<br \/><br \/>\n\n<i>Chiesa di Sant\u2019Eligio degli Orefici<\/i>\n<p class=\"p2\">(ingresso libero)<\/p>\t\t\t\t\t\t<\/div>\n\t\t\t\t<\/div>\n\t\t\t\t<div class=\"elementor-element elementor-element-2cb0e0c elementor-widget elementor-widget-image\" data-id=\"2cb0e0c\" data-element_type=\"widget\" data-widget_type=\"image.default\">\n\t\t\t\t<div class=\"elementor-widget-container\">\n\t\t\t\t\t\t\t\t\t\t\t\t\t\t<a href=\"https:\/\/www.universitadegliorefici.it\/wp-content\/uploads\/2025\/03\/Screenshot-2025-03-03-at-15.22.53.png\" data-elementor-open-lightbox=\"no\">\n\t\t\t\t\t\t\t<img decoding=\"async\" width=\"1024\" height=\"673\" src=\"https:\/\/www.universitadegliorefici.it\/wp-content\/uploads\/2025\/03\/Screenshot-2025-03-03-at-15.22.53.png\" class=\"attachment-large size-large wp-image-1832\" alt=\"\" srcset=\"https:\/\/www.universitadegliorefici.it\/wp-content\/uploads\/2025\/03\/Screenshot-2025-03-03-at-15.22.53.png 1024w, https:\/\/www.universitadegliorefici.it\/wp-content\/uploads\/2025\/03\/Screenshot-2025-03-03-at-15.22.53-300x197.png 300w, https:\/\/www.universitadegliorefici.it\/wp-content\/uploads\/2025\/03\/Screenshot-2025-03-03-at-15.22.53-768x505.png 768w, https:\/\/www.universitadegliorefici.it\/wp-content\/uploads\/2025\/03\/Screenshot-2025-03-03-at-15.22.53-18x12.png 18w\" sizes=\"(max-width: 1024px) 100vw, 1024px\" \/>\t\t\t\t\t\t\t\t<\/a>\n\t\t\t\t\t\t\t\t\t\t\t\t\t<\/div>\n\t\t\t\t<\/div>\n\t\t\t\t\t<\/div>\n\t\t\t\t<\/div>\n\t\t<div class=\"elementor-element elementor-element-fc30a2d e-flex e-con-boxed e-con e-parent\" data-id=\"fc30a2d\" data-element_type=\"container\" data-settings=\"{&quot;background_background&quot;:&quot;classic&quot;,&quot;content_width&quot;:&quot;boxed&quot;}\" data-core-v316-plus=\"true\">\n\t\t\t\t\t<div class=\"e-con-inner\">\n\t\t<div class=\"elementor-element elementor-element-fd58b41 e-con-full e-flex e-con e-child\" data-id=\"fd58b41\" data-element_type=\"container\" data-settings=\"{&quot;content_width&quot;:&quot;full&quot;}\">\n\t\t\t\t<div class=\"elementor-element elementor-element-e0a6026 elementor-align-center elementor-widget elementor-widget-button\" data-id=\"e0a6026\" data-element_type=\"widget\" data-widget_type=\"button.default\">\n\t\t\t\t<div class=\"elementor-widget-container\">\n\t\t\t\t\t<div class=\"elementor-button-wrapper\">\n\t\t\t<a class=\"elementor-button elementor-button-link elementor-size-sm\" href=\"https:\/\/universitadegliorefici.it\/locandina_de_simoni_2025.pdf\">\n\t\t\t\t\t\t<span class=\"elementor-button-content-wrapper\">\n\t\t\t\t\t\t<span class=\"elementor-button-text\">Scarica Locandina<\/span>\n\t\t<\/span>\n\t\t\t\t\t<\/a>\n\t\t<\/div>\n\t\t\t\t<\/div>\n\t\t\t\t<\/div>\n\t\t\t\t<\/div>\n\t\t<div class=\"elementor-element elementor-element-95ea90f e-flex e-con-boxed e-con e-child\" data-id=\"95ea90f\" data-element_type=\"container\" data-settings=\"{&quot;content_width&quot;:&quot;boxed&quot;}\">\n\t\t\t\t\t<div class=\"e-con-inner\">\n\t\t\t\t<div class=\"elementor-element elementor-element-73bb4b8 elementor-align-center elementor-widget elementor-widget-button\" data-id=\"73bb4b8\" data-element_type=\"widget\" data-widget_type=\"button.default\">\n\t\t\t\t<div class=\"elementor-widget-container\">\n\t\t\t\t\t<div class=\"elementor-button-wrapper\">\n\t\t\t<a class=\"elementor-button elementor-button-link elementor-size-sm\" href=\"http:\/\/universitadegliorefici.it\/bando_de_simoni_2025.pdf\">\n\t\t\t\t\t\t<span class=\"elementor-button-content-wrapper\">\n\t\t\t\t\t\t<span class=\"elementor-button-text\">Scarica bando 2025<\/span>\n\t\t<\/span>\n\t\t\t\t\t<\/a>\n\t\t<\/div>\n\t\t\t\t<\/div>\n\t\t\t\t<\/div>\n\t\t\t\t\t<\/div>\n\t\t\t\t<\/div>\n\t\t\t\t\t<\/div>\n\t\t\t\t<\/div>\n\t\t<div class=\"elementor-element elementor-element-e7b859a e-flex e-con-boxed e-con e-parent\" data-id=\"e7b859a\" data-element_type=\"container\" data-settings=\"{&quot;content_width&quot;:&quot;boxed&quot;}\" data-core-v316-plus=\"true\">\n\t\t\t\t\t<div class=\"e-con-inner\">\n\t\t\t\t<div class=\"elementor-element elementor-element-35e8728 elementor-widget elementor-widget-image\" data-id=\"35e8728\" data-element_type=\"widget\" data-widget_type=\"image.default\">\n\t\t\t\t<div class=\"elementor-widget-container\">\n\t\t\t\t\t\t\t\t\t\t\t\t\t<img decoding=\"async\" width=\"1024\" height=\"975\" src=\"https:\/\/www.universitadegliorefici.it\/wp-content\/uploads\/2024\/06\/Invito-mostra-web-gioielloinarte-2024-1-1024x975.jpg\" class=\"attachment-large size-large wp-image-1822\" alt=\"\" srcset=\"https:\/\/www.universitadegliorefici.it\/wp-content\/uploads\/2024\/06\/Invito-mostra-web-gioielloinarte-2024-1-1024x975.jpg 1024w, https:\/\/www.universitadegliorefici.it\/wp-content\/uploads\/2024\/06\/Invito-mostra-web-gioielloinarte-2024-1-300x286.jpg 300w, https:\/\/www.universitadegliorefici.it\/wp-content\/uploads\/2024\/06\/Invito-mostra-web-gioielloinarte-2024-1-768x731.jpg 768w, https:\/\/www.universitadegliorefici.it\/wp-content\/uploads\/2024\/06\/Invito-mostra-web-gioielloinarte-2024-1-1536x1462.jpg 1536w, https:\/\/www.universitadegliorefici.it\/wp-content\/uploads\/2024\/06\/Invito-mostra-web-gioielloinarte-2024-1-13x12.jpg 13w, https:\/\/www.universitadegliorefici.it\/wp-content\/uploads\/2024\/06\/Invito-mostra-web-gioielloinarte-2024-1-e1718095636961.jpg 1200w\" sizes=\"(max-width: 1024px) 100vw, 1024px\" \/>\t\t\t\t\t\t\t\t\t\t\t\t\t<\/div>\n\t\t\t\t<\/div>\n\t\t\t\t\t<\/div>\n\t\t\t\t<\/div>\n\t\t<div class=\"elementor-element elementor-element-5374258 e-flex e-con-boxed e-con e-parent\" data-id=\"5374258\" data-element_type=\"container\" data-settings=\"{&quot;background_background&quot;:&quot;classic&quot;,&quot;content_width&quot;:&quot;boxed&quot;}\" data-core-v316-plus=\"true\">\n\t\t\t\t\t<div class=\"e-con-inner\">\n\t\t<div class=\"elementor-element elementor-element-e73b2e7 e-con-full e-flex e-con e-child\" data-id=\"e73b2e7\" data-element_type=\"container\" data-settings=\"{&quot;content_width&quot;:&quot;full&quot;}\">\n\t\t\t\t<div class=\"elementor-element elementor-element-3aadc11 elementor-widget elementor-widget-image\" data-id=\"3aadc11\" data-element_type=\"widget\" data-widget_type=\"image.default\">\n\t\t\t\t<div class=\"elementor-widget-container\">\n\t\t\t\t\t\t\t\t\t\t\t\t\t<img loading=\"lazy\" decoding=\"async\" width=\"685\" height=\"725\" src=\"https:\/\/www.universitadegliorefici.it\/wp-content\/uploads\/2024\/03\/gioielloinarte2024.jpg\" class=\"attachment-full size-full wp-image-1703\" alt=\"\" srcset=\"https:\/\/www.universitadegliorefici.it\/wp-content\/uploads\/2024\/03\/gioielloinarte2024.jpg 685w, https:\/\/www.universitadegliorefici.it\/wp-content\/uploads\/2024\/03\/gioielloinarte2024-283x300.jpg 283w, https:\/\/www.universitadegliorefici.it\/wp-content\/uploads\/2024\/03\/gioielloinarte2024-11x12.jpg 11w\" sizes=\"(max-width: 685px) 100vw, 685px\" \/>\t\t\t\t\t\t\t\t\t\t\t\t\t<\/div>\n\t\t\t\t<\/div>\n\t\t\t\t<\/div>\n\t\t<div class=\"elementor-element elementor-element-ab49277 e-con-full e-flex e-con e-child\" data-id=\"ab49277\" data-element_type=\"container\" data-settings=\"{&quot;content_width&quot;:&quot;full&quot;}\">\n\t\t\t\t<div class=\"elementor-element elementor-element-2d3f6af elementor-widget__width-initial elementor-widget elementor-widget-heading\" data-id=\"2d3f6af\" data-element_type=\"widget\" data-widget_type=\"heading.default\">\n\t\t\t\t<div class=\"elementor-widget-container\">\n\t\t\t<h1 class=\"elementor-heading-title elementor-size-default\">Bando di Partecipazione \"gioielloinarte\"\n2024<\/h1>\t\t<\/div>\n\t\t\t\t<\/div>\n\t\t\t\t<div class=\"elementor-element elementor-element-3fddf4d elementor-widget elementor-widget-text-editor\" data-id=\"3fddf4d\" data-element_type=\"widget\" data-widget_type=\"text-editor.default\">\n\t\t\t\t<div class=\"elementor-widget-container\">\n\t\t\t\t\t\t\t<p align=\"center\">La Universidad y el Nobil Collegio degli Orefici Gioiellieri Argentieri dell\u2019Alma Citt\u00e0 di Roma promueve el concurso<\/p>\n\n<h4 class=\"titolo\" align=\"center\"><em>&#8220;<strong>Borromini ed il linguaggio Barocco Romano<\/strong>&#8220;<\/em><\/h4>\t\t\t\t\t\t<\/div>\n\t\t\t\t<\/div>\n\t\t\t\t<div class=\"elementor-element elementor-element-94f9b3c elementor-align-center elementor-widget elementor-widget-button\" data-id=\"94f9b3c\" data-element_type=\"widget\" data-widget_type=\"button.default\">\n\t\t\t\t<div class=\"elementor-widget-container\">\n\t\t\t\t\t<div class=\"elementor-button-wrapper\">\n\t\t\t<a class=\"elementor-button elementor-button-link elementor-size-sm\" href=\"https:\/\/www.universitadegliorefici.it\/es\/iscrizione\/\">\n\t\t\t\t\t\t<span class=\"elementor-button-content-wrapper\">\n\t\t\t\t\t\t<span class=\"elementor-button-icon elementor-align-icon-right\">\n\t\t\t\t\t\t\t<\/span>\n\t\t\t\t\t\t<span class=\"elementor-button-text\">Iscriviti<\/span>\n\t\t<\/span>\n\t\t\t\t\t<\/a>\n\t\t<\/div>\n\t\t\t\t<\/div>\n\t\t\t\t<\/div>\n\t\t\t\t<div class=\"elementor-element elementor-element-db37638 elementor-align-center elementor-widget elementor-widget-button\" data-id=\"db37638\" data-element_type=\"widget\" data-widget_type=\"button.default\">\n\t\t\t\t<div class=\"elementor-widget-container\">\n\t\t\t\t\t<div class=\"elementor-button-wrapper\">\n\t\t\t<a class=\"elementor-button elementor-button-link elementor-size-sm\" href=\"https:\/\/universitadegliorefici.it\/gioielloinarte_2024.pdf\">\n\t\t\t\t\t\t<span class=\"elementor-button-content-wrapper\">\n\t\t\t\t\t\t<span class=\"elementor-button-icon elementor-align-icon-right\">\n\t\t\t\t\t\t\t<\/span>\n\t\t\t\t\t\t<span class=\"elementor-button-text\">Scarica bando<\/span>\n\t\t<\/span>\n\t\t\t\t\t<\/a>\n\t\t<\/div>\n\t\t\t\t<\/div>\n\t\t\t\t<\/div>\n\t\t\t\t<\/div>\n\t\t\t\t\t<\/div>\n\t\t\t\t<\/div>\n\t\t<div class=\"elementor-element elementor-element-a95f262 e-flex e-con-boxed e-con e-parent\" data-id=\"a95f262\" data-element_type=\"container\" data-settings=\"{&quot;background_background&quot;:&quot;classic&quot;,&quot;content_width&quot;:&quot;boxed&quot;}\" data-core-v316-plus=\"true\">\n\t\t\t\t\t<div class=\"e-con-inner\">\n\t\t<div class=\"elementor-element elementor-element-e52a9a6 e-con-full e-flex e-con e-child\" data-id=\"e52a9a6\" data-element_type=\"container\" data-settings=\"{&quot;content_width&quot;:&quot;full&quot;}\">\n\t\t\t\t<div class=\"elementor-element elementor-element-819b3c4 elementor-widget elementor-widget-heading\" data-id=\"819b3c4\" data-element_type=\"widget\" data-widget_type=\"heading.default\">\n\t\t\t\t<div class=\"elementor-widget-container\">\n\t\t\t<h2 class=\"elementor-heading-title elementor-size-default\">Elecciones del Console Camerlengo of the Nobil Collegio degli Orafi-Argentieri Romani<\/h2>\t\t<\/div>\n\t\t\t\t<\/div>\n\t\t\t\t<div class=\"elementor-element elementor-element-646f988 elementor-widget elementor-widget-text-editor\" data-id=\"646f988\" data-element_type=\"widget\" data-widget_type=\"text-editor.default\">\n\t\t\t\t<div class=\"elementor-widget-container\">\n\t\t\t\t\t\t\t<p>El 3 de julio, \"L'Universit\u00e0 e Nobil Collegio degli Orafi Argentieri dell'Alma citt\u00e0 di Roma\", solidific\u00f3 lo que re\u00fane a los representantes hist\u00f3ricos de la cultura orfebre romana, heredera de la Corporaci\u00f3n de Orfebrer\u00eda Romana nacida a principios del siglo XVI, quiere honrar la memoria de su Console Camerlengo <strong>Corrado Di Giacomo, <\/strong>que muri\u00f3 prematuramente.<\/p>\t\t\t\t\t\t<\/div>\n\t\t\t\t<\/div>\n\t\t\t\t<div class=\"elementor-element elementor-element-c47e897 elementor-widget elementor-widget-text-editor\" data-id=\"c47e897\" data-element_type=\"widget\" data-widget_type=\"text-editor.default\">\n\t\t\t\t<div class=\"elementor-widget-container\">\n\t\t\t\t\t\t\t<p>Para la ocasi\u00f3n la Asamblea de Socios se reuni\u00f3 para nombrar al nuevo Console Camerlengo, encargado de la conducci\u00f3n del Consejo de Presidencia, y del nuevo miembro del Consejo...<\/p>\t\t\t\t\t\t<\/div>\n\t\t\t\t<\/div>\n\t\t\t\t<div class=\"elementor-element elementor-element-b235314 elementor-widget elementor-widget-button\" data-id=\"b235314\" data-element_type=\"widget\" data-widget_type=\"button.default\">\n\t\t\t\t<div class=\"elementor-widget-container\">\n\t\t\t\t\t<div class=\"elementor-button-wrapper\">\n\t\t\t<a class=\"elementor-button elementor-button-link elementor-size-md\" href=\"https:\/\/www.universitadegliorefici.it\/es\/elezione-del-console-camerlengo-del-nobil-collegio-degli-orafi-argentieri-romani\/\">\n\t\t\t\t\t\t<span class=\"elementor-button-content-wrapper\">\n\t\t\t\t\t\t<span class=\"elementor-button-icon elementor-align-icon-right\">\n\t\t\t\t<svg aria-hidden=\"true\" class=\"e-font-icon-svg e-fas-arrow-right\" viewbox=\"0 0 448 512\" xmlns=\"http:\/\/www.w3.org\/2000\/svg\"><path d=\"M190.5 66.9l22.2-22.2c9.4-9.4 24.6-9.4 33.9 0L441 239c9.4 9.4 9.4 24.6 0 33.9L246.6 467.3c-9.4 9.4-24.6 9.4-33.9 0l-22.2-22.2c-9.5-9.5-9.3-25 .4-34.3L311.4 296H24c-13.3 0-24-10.7-24-24v-32c0-13.3 10.7-24 24-24h287.4L190.9 101.2c-9.8-9.3-10-24.8-.4-34.3z\"><\/path><\/svg>\t\t\t<\/span>\n\t\t\t\t\t\t<span class=\"elementor-button-text\">Leer Mas<\/span>\n\t\t<\/span>\n\t\t\t\t\t<\/a>\n\t\t<\/div>\n\t\t\t\t<\/div>\n\t\t\t\t<\/div>\n\t\t\t\t<\/div>\n\t\t<div class=\"elementor-element elementor-element-3c395b0 e-con-full e-flex e-con e-child\" data-id=\"3c395b0\" data-element_type=\"container\" data-settings=\"{&quot;content_width&quot;:&quot;full&quot;}\">\n\t\t\t\t<div class=\"elementor-element elementor-element-bef5dd3 elementor-widget elementor-widget-heading\" data-id=\"bef5dd3\" data-element_type=\"widget\" data-widget_type=\"heading.default\">\n\t\t\t\t<div class=\"elementor-widget-container\">\n\t\t\t<h2 class=\"elementor-heading-title elementor-size-default\">En honor de nuestro colega y amigo Corrado DI Giacomo<\/h2>\t\t<\/div>\n\t\t\t\t<\/div>\n\t\t\t\t<div class=\"elementor-element elementor-element-c2927a6 elementor-widget elementor-widget-text-editor\" data-id=\"c2927a6\" data-element_type=\"widget\" data-widget_type=\"text-editor.default\">\n\t\t\t\t<div class=\"elementor-widget-container\">\n\t\t\t\t\t\t\t<p>Una tarea dif\u00edcil, es tocar lo m\u00e1s \u00edntimo de nuestros sentimientos, tratando de narrar el v\u00ednculo que nos uni\u00f3 y yo a un amigo que muri\u00f3 prematuramente. Conoc\u00ed a Corrado, apreciando su forma espont\u00e1nea de hablar de sus sentimientos, desde nuestra corta edad nos encontramos en el ambiente m\u00e1s noble del mundo orfebre romano.<\/p><p>El punto de uni\u00f3n, entre las experiencias, maduradas en nuestros hist\u00f3ricos laboratorios familiares, ha tenido su catarsis formativa en el interior de este austero y formal ambiente. Los a\u00f1os, gracias a la visi\u00f3n clarividente de algunos valiosos representantes del ambiente Roman Goldsmith, la Corporaci\u00f3n Roman Goldsmith-Silversmith a finales de los a\u00f1os 50 tom\u00f3 un camino de renovaciones. Gracias a ellos una nueva y entusiasta generaci\u00f3n de j\u00f3venes ha tenido la oportunidad de seguir el car\u00e1cter cl\u00e1sico del mundo de la Orfebrer\u00eda en su sucesi\u00f3n hist\u00f3rica y renovaci\u00f3n...<\/p>\t\t\t\t\t\t<\/div>\n\t\t\t\t<\/div>\n\t\t\t\t<div class=\"elementor-element elementor-element-a82bad6 elementor-align-left elementor-widget elementor-widget-button\" data-id=\"a82bad6\" data-element_type=\"widget\" data-widget_type=\"button.default\">\n\t\t\t\t<div class=\"elementor-widget-container\">\n\t\t\t\t\t<div class=\"elementor-button-wrapper\">\n\t\t\t<a class=\"elementor-button elementor-button-link elementor-size-md\" href=\"#\">\n\t\t\t\t\t\t<span class=\"elementor-button-content-wrapper\">\n\t\t\t\t\t\t<span class=\"elementor-button-icon elementor-align-icon-right\">\n\t\t\t\t<svg aria-hidden=\"true\" class=\"e-font-icon-svg e-fas-arrow-right\" viewbox=\"0 0 448 512\" xmlns=\"http:\/\/www.w3.org\/2000\/svg\"><path d=\"M190.5 66.9l22.2-22.2c9.4-9.4 24.6-9.4 33.9 0L441 239c9.4 9.4 9.4 24.6 0 33.9L246.6 467.3c-9.4 9.4-24.6 9.4-33.9 0l-22.2-22.2c-9.5-9.5-9.3-25 .4-34.3L311.4 296H24c-13.3 0-24-10.7-24-24v-32c0-13.3 10.7-24 24-24h287.4L190.9 101.2c-9.8-9.3-10-24.8-.4-34.3z\"><\/path><\/svg>\t\t\t<\/span>\n\t\t\t\t\t\t<span class=\"elementor-button-text\">Leer Mas<\/span>\n\t\t<\/span>\n\t\t\t\t\t<\/a>\n\t\t<\/div>\n\t\t\t\t<\/div>\n\t\t\t\t<\/div>\n\t\t\t\t<\/div>\n\t\t\t\t\t<\/div>\n\t\t\t\t<\/div>\n\t\t<div class=\"elementor-element elementor-element-8109896 e-flex e-con-boxed e-con e-parent\" data-id=\"8109896\" data-element_type=\"container\" data-settings=\"{&quot;background_background&quot;:&quot;classic&quot;,&quot;content_width&quot;:&quot;boxed&quot;}\" data-core-v316-plus=\"true\">\n\t\t\t\t\t<div class=\"e-con-inner\">\n\t\t<div class=\"elementor-element elementor-element-e2cdcb6 e-con-full e-flex e-con e-child\" data-id=\"e2cdcb6\" data-element_type=\"container\" data-settings=\"{&quot;content_width&quot;:&quot;full&quot;}\">\n\t\t\t\t<div class=\"elementor-element elementor-element-8b87d3d elementor-widget elementor-widget-heading\" data-id=\"8b87d3d\" data-element_type=\"widget\" data-widget_type=\"heading.default\">\n\t\t\t\t<div class=\"elementor-widget-container\">\n\t\t\t<div class=\"elementor-heading-title elementor-size-default\">LA IGlESIA<\/div>\t\t<\/div>\n\t\t\t\t<\/div>\n\t\t\t\t<div class=\"elementor-element elementor-element-8ec4214 elementor-widget elementor-widget-text-editor\" data-id=\"8ec4214\" data-element_type=\"widget\" data-widget_type=\"text-editor.default\">\n\t\t\t\t<div class=\"elementor-widget-container\">\n\t\t\t\t\t\t\t<p>El barrio alrededor de Via Giulia es un conjunto de monumentos y recuerdos de arte, en torno al centro de esta calle se abre la Via de San Eligio al final de la cual, una verdadera joya, se encuentra la joya del Renacimiento.<\/p>\t\t\t\t\t\t<\/div>\n\t\t\t\t<\/div>\n\t\t\t\t<div class=\"elementor-element elementor-element-775ee8b elementor-align-center elementor-widget elementor-widget-button\" data-id=\"775ee8b\" data-element_type=\"widget\" data-widget_type=\"button.default\">\n\t\t\t\t<div class=\"elementor-widget-container\">\n\t\t\t\t\t<div class=\"elementor-button-wrapper\">\n\t\t\t<a class=\"elementor-button elementor-button-link elementor-size-sm\" href=\"https:\/\/www.universitadegliorefici.it\/es\/la-chiesa\/\">\n\t\t\t\t\t\t<span class=\"elementor-button-content-wrapper\">\n\t\t\t\t\t\t<span class=\"elementor-button-text\">Leggi tutto<\/span>\n\t\t<\/span>\n\t\t\t\t\t<\/a>\n\t\t<\/div>\n\t\t\t\t<\/div>\n\t\t\t\t<\/div>\n\t\t\t\t<\/div>\n\t\t\t\t\t<\/div>\n\t\t\t\t<\/div>\n\t\t<div class=\"elementor-element elementor-element-661fa0e e-con-full e-flex e-con e-parent\" data-id=\"661fa0e\" data-element_type=\"container\" data-settings=\"{&quot;background_background&quot;:&quot;classic&quot;,&quot;content_width&quot;:&quot;full&quot;}\" data-core-v316-plus=\"true\">\n\t\t<div class=\"elementor-element elementor-element-1c75839 e-con-full e-flex e-con e-child\" data-id=\"1c75839\" data-element_type=\"container\" data-settings=\"{&quot;content_width&quot;:&quot;full&quot;}\">\n\t\t\t\t<div class=\"elementor-element elementor-element-5521405 elementor-widget__width-inherit elementor-widget elementor-widget-heading\" data-id=\"5521405\" data-element_type=\"widget\" data-widget_type=\"heading.default\">\n\t\t\t\t<div class=\"elementor-widget-container\">\n\t\t\t<h6 class=\"elementor-heading-title elementor-size-default\">Triennio 2024 - 2027<\/h6>\t\t<\/div>\n\t\t\t\t<\/div>\n\t\t\t\t<div class=\"elementor-element elementor-element-c4fb851 elementor-widget elementor-widget-heading\" data-id=\"c4fb851\" data-element_type=\"widget\" data-widget_type=\"heading.default\">\n\t\t\t\t<div class=\"elementor-widget-container\">\n\t\t\t<h2 class=\"elementor-heading-title elementor-size-default\">Consejo Directivo<\/h2>\t\t<\/div>\n\t\t\t\t<\/div>\n\t\t\t\t<div class=\"elementor-element elementor-element-0775e72 elementor-widget elementor-widget-text-editor\" data-id=\"0775e72\" data-element_type=\"widget\" data-widget_type=\"text-editor.default\">\n\t\t\t\t<div class=\"elementor-widget-container\">\n\t\t\t\t\t\t\t<p>En la Asamblea electiva que tuvo lugar el 31 de mayo de 2018 los votos para renovar los cargos sociales llevaron a la constituci\u00f3n del nuevo organigrama para el trienio 2018-2021 que estar\u00e1 compuesto as\u00ed:<\/p>\t\t\t\t\t\t<\/div>\n\t\t\t\t<\/div>\n\t\t<div class=\"elementor-element elementor-element-3e710bf e-con-full e-flex e-con e-child\" data-id=\"3e710bf\" data-element_type=\"container\" data-settings=\"{&quot;content_width&quot;:&quot;full&quot;}\">\n\t\t<div class=\"elementor-element elementor-element-085a676 e-con-full elementor-hidden-mobile e-flex e-con e-child\" data-id=\"085a676\" data-element_type=\"container\" data-settings=\"{&quot;content_width&quot;:&quot;full&quot;}\">\n\t\t\t\t<div class=\"elementor-element elementor-element-b61f41e elementor-widget elementor-widget-text-editor\" data-id=\"b61f41e\" data-element_type=\"widget\" data-widget_type=\"text-editor.default\">\n\t\t\t\t<div class=\"elementor-widget-container\">\n\t\t\t\t\t\t\t<strong style=\"color: #95241a;\">Consejo Directivo\n<\/strong><br \/>\n\nC\u00f3nsul Camarlengo<br \/>\nPrimer C\u00f3nsul<br \/>\nC\u00f3nsul Secretario<br \/>\nC\u00f3nsul Conservador del Archivo Hist\u00f3rico<br \/>\nC\u00f3nsul Tesorero<br \/>\n\n<strong style=\"color: #95241a;\">Colegio de Concejales<\/strong><br \/>\nConcejal titular<br \/>\nConcejal titular<br \/>\nConcejal titular<br \/>\n\n<strong style=\"color: #95241a;\">Colegio de Probiviri<\/strong><br \/>\nProboviro<br \/>\nProboviro<br \/>\nProboviro<br \/>\t\t\t\t\t\t<\/div>\n\t\t\t\t<\/div>\n\t\t\t\t<\/div>\n\t\t<div class=\"elementor-element elementor-element-9e3c249 e-con-full elementor-hidden-mobile e-flex e-con e-child\" data-id=\"9e3c249\" data-element_type=\"container\" data-settings=\"{&quot;content_width&quot;:&quot;full&quot;}\">\n\t\t\t\t<div class=\"elementor-element elementor-element-f12cc71 elementor-widget elementor-widget-text-editor\" data-id=\"f12cc71\" data-element_type=\"widget\" data-widget_type=\"text-editor.default\">\n\t\t\t\t<div class=\"elementor-widget-container\">\n\t\t\t\t\t\t\t<p><br \/>Aldo Vitali<br \/>Riccardo Alfonsi<br \/>Riccardo Menichini<br \/>Valerio Sperati<br \/>Monica Erzel<\/p><p>Massimo Lefevre<br \/>Alessio Tinozzi<br \/>Giorgio Von Moss<\/p><p>Annunziata Crescenzi<br \/>Loenzo Buccellati<br \/>Piero De Stefano<\/p>\t\t\t\t\t\t<\/div>\n\t\t\t\t<\/div>\n\t\t\t\t<\/div>\n\t\t\t\t<\/div>\n\t\t<div class=\"elementor-element elementor-element-7b275b4 e-con-full elementor-hidden-desktop elementor-hidden-tablet e-flex e-con e-child\" data-id=\"7b275b4\" data-element_type=\"container\" data-settings=\"{&quot;content_width&quot;:&quot;full&quot;}\">\n\t\t<div class=\"elementor-element elementor-element-8c9d896 e-con-full e-flex e-con e-child\" data-id=\"8c9d896\" data-element_type=\"container\" data-settings=\"{&quot;content_width&quot;:&quot;full&quot;}\">\n\t\t\t\t<div class=\"elementor-element elementor-element-7432875 elementor-widget elementor-widget-text-editor\" data-id=\"7432875\" data-element_type=\"widget\" data-widget_type=\"text-editor.default\">\n\t\t\t\t<div class=\"elementor-widget-container\">\n\t\t\t\t\t\t\t<p><strong style=\"color: #95241a;\">Consejo Directivo<br \/><\/strong><\/p><p>C\u00f3nsul Camarlengo<br \/><strong>Aldo Vitali<\/strong><br \/>Primer C\u00f3nsul<br \/><strong>Riccardo Alfonso<\/strong><br \/>C\u00f3nsul Secretario<br \/><strong>Valerio Sperati<\/strong><br \/>C\u00f3nsul Conservador del Archivo Hist\u00f3rico<br \/><strong>Monica Erzel<\/strong><br \/>C\u00f3nsul Tesorero<br \/><strong>Riccardo Menichini<\/strong><\/p><p><strong style=\"color: #95241a;\">Colegio de Concejales<\/strong><br \/>Concejal titular<br \/><strong>Massimo Lefevre<\/strong><br \/>Concejal titular<br \/><strong>Alessio Tinozzi<\/strong><br \/>Concejal titular<br \/><strong>Giorgio Von Moss<\/strong><\/p><p><strong style=\"color: #95241a;\">Colegio de Probiviri<\/strong><br \/>Proboviro<br \/><strong>Annunziata Crescenzi<\/strong><br \/>Proboviro<br \/><strong>Lorenzo Buccellati<\/strong><br \/>Proboviro<br \/><strong>Piero De Stefano<\/strong><\/p>\t\t\t\t\t\t<\/div>\n\t\t\t\t<\/div>\n\t\t\t\t<\/div>\n\t\t\t\t<\/div>\n\t\t\t\t<\/div>\n\t\t\t\t<\/div>\n\t\t\t\t<\/div>","protected":false},"excerpt":{"rendered":"<p>Universit\u00e0 e Nobil Collegio degli Orefici Gioiellieri Argentieri dell\u2019Alma Citt\u00e0 di Roma Gregorovius, nella sua Storia di Roma nel Medioevo, cos\u00ec scrive: &#8220;Da lungo tempo esisteva a Roma la corporazione degli orefici, dapprima associati ai sellai e ai fabbri; separatisi da costoro nel 1509 si costruirono, col beneplacito di Giulio II, la chiesa di S. [&hellip;]<\/p>","protected":false},"author":1,"featured_media":0,"parent":0,"menu_order":0,"comment_status":"closed","ping_status":"closed","template":"","meta":{"site-sidebar-layout":"no-sidebar","site-content-layout":"page-builder","ast-site-content-layout":"","site-content-style":"default","site-sidebar-style":"default","ast-global-header-display":"","ast-banner-title-visibility":"","ast-main-header-display":"","ast-hfb-above-header-display":"","ast-hfb-below-header-display":"","ast-hfb-mobile-header-display":"","site-post-title":"disabled","ast-breadcrumbs-content":"","ast-featured-img":"disabled","footer-sml-layout":"","theme-transparent-header-meta":"enabled","adv-header-id-meta":"","stick-header-meta":"","header-above-stick-meta":"","header-main-stick-meta":"","header-below-stick-meta":"","astra-migrate-meta-layouts":"default","ast-page-background-enabled":"default","ast-page-background-meta":{"desktop":{"background-color":"","background-image":"","background-repeat":"repeat","background-position":"center center","background-size":"auto","background-attachment":"scroll","background-type":"","background-media":"","overlay-type":"","overlay-color":"","overlay-gradient":""},"tablet":{"background-color":"","background-image":"","background-repeat":"repeat","background-position":"center center","background-size":"auto","background-attachment":"scroll","background-type":"","background-media":"","overlay-type":"","overlay-color":"","overlay-gradient":""},"mobile":{"background-color":"","background-image":"","background-repeat":"repeat","background-position":"center center","background-size":"auto","background-attachment":"scroll","background-type":"","background-media":"","overlay-type":"","overlay-color":"","overlay-gradient":""}},"ast-content-background-meta":{"desktop":{"background-color":"var(--ast-global-color-5)","background-image":"","background-repeat":"repeat","background-position":"center center","background-size":"auto","background-attachment":"scroll","background-type":"","background-media":"","overlay-type":"","overlay-color":"","overlay-gradient":""},"tablet":{"background-color":"var(--ast-global-color-5)","background-image":"","background-repeat":"repeat","background-position":"center center","background-size":"auto","background-attachment":"scroll","background-type":"","background-media":"","overlay-type":"","overlay-color":"","overlay-gradient":""},"mobile":{"background-color":"var(--ast-global-color-5)","background-image":"","background-repeat":"repeat","background-position":"center center","background-size":"auto","background-attachment":"scroll","background-type":"","background-media":"","overlay-type":"","overlay-color":"","overlay-gradient":""}},"ngg_post_thumbnail":0,"footnotes":""},"class_list":["post-616","page","type-page","status-publish","hentry"],"_links":{"self":[{"href":"https:\/\/www.universitadegliorefici.it\/es\/wp-json\/wp\/v2\/pages\/616","targetHints":{"allow":["GET"]}}],"collection":[{"href":"https:\/\/www.universitadegliorefici.it\/es\/wp-json\/wp\/v2\/pages"}],"about":[{"href":"https:\/\/www.universitadegliorefici.it\/es\/wp-json\/wp\/v2\/types\/page"}],"author":[{"embeddable":true,"href":"https:\/\/www.universitadegliorefici.it\/es\/wp-json\/wp\/v2\/users\/1"}],"replies":[{"embeddable":true,"href":"https:\/\/www.universitadegliorefici.it\/es\/wp-json\/wp\/v2\/comments?post=616"}],"version-history":[{"count":255,"href":"https:\/\/www.universitadegliorefici.it\/es\/wp-json\/wp\/v2\/pages\/616\/revisions"}],"predecessor-version":[{"id":1890,"href":"https:\/\/www.universitadegliorefici.it\/es\/wp-json\/wp\/v2\/pages\/616\/revisions\/1890"}],"wp:attachment":[{"href":"https:\/\/www.universitadegliorefici.it\/es\/wp-json\/wp\/v2\/media?parent=616"}],"curies":[{"name":"wp","href":"https:\/\/api.w.org\/{rel}","templated":true}]}}